{"id":2098,"date":"2024-12-27T17:13:17","date_gmt":"2024-12-27T16:13:17","guid":{"rendered":"https:\/\/www.swisscrochet.ch\/product\/scheepjes-cal-festival-of-lights-yarn-kit\/"},"modified":"2025-05-22T11:51:09","modified_gmt":"2025-05-22T09:51:09","slug":"scheepjes-cal-festival-of-lights-garnkit","status":"publish","type":"product","link":"https:\/\/www.swisscrochet.ch\/de\/produkt\/scheepjes-cal-festival-of-lights-garnkit\/","title":{"rendered":"Scheepjes &#8211; CAL Festival of Lights &#8211; Garnkit"},"content":{"rendered":"","protected":false},"excerpt":{"rendered":"<p>Eine Hommage an weltweite Lichtfestivals und nat\u00fcrliche Spektakel: der <a href=\"https:\/\/www.ravelry.com\/patterns\/library\/scheepjes-festival-of-lights-cal\">Festival of Lights CAL<\/a>, entworfen von Jessica Wifall, einem Mitglied des Scheepjes Designer Collective, ist der offizielle Herbst-\/Winter-Crochet-A-Long von Scheepjes f\u00fcr 2024.<\/p>\n<p>W\u00e4hrend du jedes Motiv h\u00e4kelst, tauche ein in lebendige Farbt\u00f6ne, inspiriert von den faszinierendsten Licht- und Farbdarstellungen der Welt \u2013 Heissluftballons, Nordlichter, Feuerwerke und Lichtspuren. Gefertigt mit <strong>GOTS-zertifiziertem Bio-Baumwollgarn<\/strong>, verleiht dieses strahlende Projekt deinem Zuhause einen leuchtenden Touch in den dunklen Wintermonaten.<\/p>\n<p>Der CAL l\u00e4uft vom 16. Oktober bis zum 4. Dezember 2024. Trete den offiziellen Scheepjes-Facebook-Gruppen bei (<a href=\"https:\/\/www.facebook.com\/groups\/ScheepjesCAL.International\">international<\/a> und <a href=\"https:\/\/www.facebook.com\/groups\/scheepjescal\">niederl\u00e4ndisch<\/a>), um eine geh\u00e4kelte Decke mit Motivbasis und verschiedenen Maschentechniken zu gestalten.<\/p>\n<p><strong>Projektinformationen:<\/strong><\/p>\n<ul>\n<li><a href=\"https:\/\/www.scheepjes.com\/en\/cals-and-mals\/scheepjes-cals\/scheepjes-festival-of-lights-cal\/tips-and-tricks\/\">Tipps &amp; Tricks, Anleitungshinweise<\/a> (vor Beginn des Projekts lesen)<\/li>\n<li>Kostenlose Anleitung, inklusive Videos: <a href=\"https:\/\/www.scheepjes.com\/en\/cals-and-mals\/scheepjes-cals\/scheepjes-festival-of-lights-cal\/part-1\/\">Teil 1<\/a>, <a href=\"https:\/\/www.scheepjes.com\/en\/cals-and-mals\/scheepjes-cals\/scheepjes-festival-of-lights-cal\/part-2\/\">Teil 2<\/a>, <a href=\"https:\/\/www.scheepjes.com\/en\/cals-and-mals\/scheepjes-cals\/scheepjes-festival-of-lights-cal\/part-3\/\">Teil 3<\/a>, <a href=\"https:\/\/www.scheepjes.com\/en\/cals-and-mals\/scheepjes-cals\/scheepjes-festival-of-lights-cal\/part-4\/\">Teil 4<\/a>, <a href=\"https:\/\/www.scheepjes.com\/en\/cals-and-mals\/scheepjes-cals\/scheepjes-festival-of-lights-cal\/part-5\/\">Teil 5<\/a>, <a href=\"https:\/\/www.scheepjes.com\/en\/cals-and-mals\/scheepjes-cals\/scheepjes-festival-of-lights-cal\/part-6\/\">Teil 6<\/a>, <a href=\"https:\/\/www.scheepjes.com\/en\/cals-and-mals\/scheepjes-cals\/scheepjes-festival-of-lights-cal\/part-7\/\">Teil 7<\/a><\/li>\n<li>Die Anleitung ist in folgenden Sprachen verf\u00fcgbar: Englisch (US &amp; UK Terminologie), Deutsch und Niederl\u00e4ndisch<\/li>\n<li><a href=\"https:\/\/jessicawifall.com\/category\/design-blogs\/crochet-a-long\/festival-of-lights-cal-2024\/\">Blogposts<\/a> der Designerin Jessica Wifall (nur auf Englisch)<\/li>\n<li>Jedes quadratische Motiv misst 9 x 9 cm vor dem Spannen<\/li>\n<li>Die fertige Decke misst etwa 95 x 95 cm nach dem Spannen<\/li>\n<\/ul>\n<p><strong>Mit diesem Garnset erh\u00e4ltst du:<\/strong><\/p>\n<ul>\n<li>1 Set mit 3 Postkarten<\/li>\n<li>1 Sonderedition-Tasse<\/li>\n<li>26 Kn\u00e4uel Scheepjes Organicon (100 % Bio-Baumwolle \u2013 je 50 g \/ 170 m \u2013 Fingering \u2013 Maschinenwaschbar bis 40\u00b0C)<\/li>\n<\/ul>\n<p><strong>F\u00fcr dieses Projekt ben\u00f6tigst du ausserdem:<\/strong><\/p>\n<ul>\n<li>eine 3.0-mm-H\u00e4kelnadel, die du <a href=\"https:\/\/www.swisscrochet.ch\/de\/produkt-kategorie\/hakelnadeln-und-zubehor\/\" target=\"_blank\" rel=\"noopener\">separat kaufen<\/a> kannst.<\/li>\n<li>Maschenmarkierer, die du <a href=\"https:\/\/www.swisscrochet.ch\/de\/produkt-kategorie\/hakelnadeln-und-zubehor\/maschenmarkierer\/\" target=\"_blank\" rel=\"noopener\">separat kaufen<\/a> kannst.<\/li>\n<\/ul>\n<p>Hinweis: Dieses Garnkit enth\u00e4lt nur Garn. Keine Anleitung oder H\u00e4kelnadeln\/Zubeh\u00f6r sind enthalten.<\/p>\n","protected":false},"featured_media":3829,"template":"","meta":[],"product_brand":[],"product_cat":[332,1676],"product_tag":[],"class_list":{"0":"post-2098","1":"product","2":"type-product","3":"status-publish","4":"has-post-thumbnail","6":"product_cat-garnkits","7":"product_cat-garnkits-garnpakete","8":"pa_b11-author-designer-jessica-wifall-de","9":"pa_t1-manufacturer-scheepjes-de","10":"description-off","12":"first","13":"outofstock","14":"taxable","15":"shipping-taxable","16":"purchasable","17":"product-type-simple"},"bundled_by":[],"bundle_stock_status":"outofstock","bundle_stock_quantity":0,"bundle_virtual":false,"bundle_layout":"","bundle_add_to_cart_form_location":"","bundle_editable_in_cart":false,"bundle_sold_individually_context":"","bundle_item_grouping":"","bundle_min_size":"","bundle_max_size":"","bundle_price":[],"bundled_items":[],"bundle_sell_ids":[],"yoast_head":"<!-- This site is optimized with the Yoast SEO plugin v27.5 - https:\/\/yoast.com\/product\/yoast-seo-wordpress\/ -->\n<title>Scheepjes - CAL Festival of Lights - Garnkit &#171; Swiss Crochet<\/title>\n<meta name=\"robots\" content=\"index, follow, max-snippet:-1, max-image-preview:large, max-video-preview:-1\" \/>\n<link rel=\"canonical\" href=\"https:\/\/www.swisscrochet.ch\/produkt\/scheepjes-cal-festival-of-lights-yarn-kit\/\" \/>\n<meta property=\"og:locale\" content=\"de_DE\" \/>\n<meta property=\"og:type\" content=\"article\" \/>\n<meta property=\"og:title\" content=\"Scheepjes - CAL Festival of Lights - Garnkit &#171; Swiss Crochet\" \/>\n<meta property=\"og:description\" content=\"Eine Hommage an weltweite Lichtfestivals und nat\u00fcrliche Spektakel: der Festival of Lights CAL, entworfen von Jessica Wifall, einem Mitglied des Scheepjes Designer Collective, ist der offizielle Herbst-\/Winter-Crochet-A-Long von Scheepjes f\u00fcr 2024.  W\u00e4hrend du jedes Motiv h\u00e4kelst, tauche ein in lebendige Farbt\u00f6ne, inspiriert von den faszinierendsten Licht- und Farbdarstellungen der Welt \u2013 Heissluftballons, Nordlichter, Feuerwerke und Lichtspuren. Gefertigt mit GOTS-zertifiziertem Bio-Baumwollgarn, verleiht dieses strahlende Projekt deinem Zuhause einen leuchtenden Touch in den dunklen Wintermonaten.  Der CAL l\u00e4uft vom 16. Oktober bis zum 4. Dezember 2024. Trete den offiziellen Scheepjes-Facebook-Gruppen bei (international und niederl\u00e4ndisch), um eine geh\u00e4kelte Decke mit Motivbasis und verschiedenen Maschentechniken zu gestalten.  Projektinformationen:   Tipps &amp; Tricks, Anleitungshinweise (vor Beginn des Projekts lesen)  Kostenlose Anleitung, inklusive Videos: Teil 1, Teil 2, Teil 3, Teil 4, Teil 5, Teil 6, Teil 7  Die Anleitung ist in folgenden Sprachen verf\u00fcgbar: Englisch (US &amp; UK Terminologie), Deutsch und Niederl\u00e4ndisch  Blogposts der Designerin Jessica Wifall (nur auf Englisch)  Jedes quadratische Motiv misst 9 x 9 cm vor dem Spannen  Die fertige Decke misst etwa 95 x 95 cm nach dem Spannen  Mit diesem Garnset erh\u00e4ltst du:   1 Set mit 3 Postkarten  1 Sonderedition-Tasse  26 Kn\u00e4uel Scheepjes Organicon (100 % Bio-Baumwolle \u2013 je 50 g \/ 170 m \u2013 Fingering \u2013 Maschinenwaschbar bis 40\u00b0C)  F\u00fcr dieses Projekt ben\u00f6tigst du ausserdem:   eine 3.0-mm-H\u00e4kelnadel, die du separat kaufen kannst.  Maschenmarkierer, die du separat kaufen kannst.  Hinweis: Dieses Garnkit enth\u00e4lt nur Garn. Keine Anleitung oder H\u00e4kelnadeln\/Zubeh\u00f6r sind enthalten.\" \/>\n<meta property=\"og:url\" content=\"https:\/\/www.swisscrochet.ch\/produkt\/scheepjes-cal-festival-of-lights-yarn-kit\/\" \/>\n<meta property=\"og:site_name\" content=\"Swiss Crochet\" \/>\n<meta property=\"article:modified_time\" content=\"2025-05-22T09:51:09+00:00\" \/>\n<meta property=\"og:image\" content=\"https:\/\/www.swisscrochet.ch\/wp-content\/uploads\/2025\/01\/Scheepjes-CAL-Festival-of-Lights-Overview.jpg\" \/>\n\t<meta property=\"og:image:width\" content=\"1000\" \/>\n\t<meta property=\"og:image:height\" content=\"1000\" \/>\n\t<meta property=\"og:image:type\" content=\"image\/jpeg\" \/>\n<meta name=\"twitter:card\" content=\"summary_large_image\" \/>\n<script type=\"application\/ld+json\" class=\"yoast-schema-graph\">{\"@context\":\"https:\\\/\\\/schema.org\",\"@graph\":[{\"@type\":[\"WebPage\",\"ItemPage\"],\"@id\":\"https:\\\/\\\/www.swisscrochet.ch\\\/produkt\\\/scheepjes-cal-festival-of-lights-yarn-kit\\\/\",\"url\":\"https:\\\/\\\/www.swisscrochet.ch\\\/produkt\\\/scheepjes-cal-festival-of-lights-yarn-kit\\\/\",\"name\":\"Scheepjes - CAL Festival of Lights - Garnkit &#171; Swiss Crochet\",\"isPartOf\":{\"@id\":\"https:\\\/\\\/www.swisscrochet.ch\\\/#website\"},\"primaryImageOfPage\":{\"@id\":\"https:\\\/\\\/www.swisscrochet.ch\\\/produkt\\\/scheepjes-cal-festival-of-lights-yarn-kit\\\/#primaryimage\"},\"image\":{\"@id\":\"https:\\\/\\\/www.swisscrochet.ch\\\/produkt\\\/scheepjes-cal-festival-of-lights-yarn-kit\\\/#primaryimage\"},\"thumbnailUrl\":\"https:\\\/\\\/www.swisscrochet.ch\\\/wp-content\\\/uploads\\\/2025\\\/01\\\/Scheepjes-CAL-Festival-of-Lights-Overview.jpg\",\"datePublished\":\"2024-12-27T16:13:17+00:00\",\"dateModified\":\"2025-05-22T09:51:09+00:00\",\"breadcrumb\":{\"@id\":\"https:\\\/\\\/www.swisscrochet.ch\\\/produkt\\\/scheepjes-cal-festival-of-lights-yarn-kit\\\/#breadcrumb\"},\"inLanguage\":\"de\",\"potentialAction\":[{\"@type\":\"ReadAction\",\"target\":[\"https:\\\/\\\/www.swisscrochet.ch\\\/produkt\\\/scheepjes-cal-festival-of-lights-yarn-kit\\\/\"]}]},{\"@type\":\"ImageObject\",\"inLanguage\":\"de\",\"@id\":\"https:\\\/\\\/www.swisscrochet.ch\\\/produkt\\\/scheepjes-cal-festival-of-lights-yarn-kit\\\/#primaryimage\",\"url\":\"https:\\\/\\\/www.swisscrochet.ch\\\/wp-content\\\/uploads\\\/2025\\\/01\\\/Scheepjes-CAL-Festival-of-Lights-Overview.jpg\",\"contentUrl\":\"https:\\\/\\\/www.swisscrochet.ch\\\/wp-content\\\/uploads\\\/2025\\\/01\\\/Scheepjes-CAL-Festival-of-Lights-Overview.jpg\",\"width\":1000,\"height\":1000},{\"@type\":\"BreadcrumbList\",\"@id\":\"https:\\\/\\\/www.swisscrochet.ch\\\/produkt\\\/scheepjes-cal-festival-of-lights-yarn-kit\\\/#breadcrumb\",\"itemListElement\":[{\"@type\":\"ListItem\",\"position\":1,\"name\":\"Home\",\"item\":\"https:\\\/\\\/www.swisscrochet.ch\\\/de\\\/\"},{\"@type\":\"ListItem\",\"position\":2,\"name\":\"Shop\",\"item\":\"https:\\\/\\\/www.swisscrochet.ch\\\/de\\\/shop\\\/\"},{\"@type\":\"ListItem\",\"position\":3,\"name\":\"Scheepjes &#8211; CAL Festival of Lights &#8211; Garnkit\"}]},{\"@type\":\"WebSite\",\"@id\":\"https:\\\/\\\/www.swisscrochet.ch\\\/#website\",\"url\":\"https:\\\/\\\/www.swisscrochet.ch\\\/\",\"name\":\"Swiss Crochet\",\"description\":\"Entfalte dein kreatives Potenzial\",\"potentialAction\":[{\"@type\":\"SearchAction\",\"target\":{\"@type\":\"EntryPoint\",\"urlTemplate\":\"https:\\\/\\\/www.swisscrochet.ch\\\/?s={search_term_string}\"},\"query-input\":{\"@type\":\"PropertyValueSpecification\",\"valueRequired\":true,\"valueName\":\"search_term_string\"}}],\"inLanguage\":\"de\"}]}<\/script>\n<!-- \/ Yoast SEO plugin. -->","yoast_head_json":{"title":"Scheepjes - CAL Festival of Lights - Garnkit &#171; Swiss Crochet","robots":{"index":"index","follow":"follow","max-snippet":"max-snippet:-1","max-image-preview":"max-image-preview:large","max-video-preview":"max-video-preview:-1"},"canonical":"https:\/\/www.swisscrochet.ch\/produkt\/scheepjes-cal-festival-of-lights-yarn-kit\/","og_locale":"de_DE","og_type":"article","og_title":"Scheepjes - CAL Festival of Lights - Garnkit &#171; Swiss Crochet","og_description":"Eine Hommage an weltweite Lichtfestivals und nat\u00fcrliche Spektakel: der Festival of Lights CAL, entworfen von Jessica Wifall, einem Mitglied des Scheepjes Designer Collective, ist der offizielle Herbst-\/Winter-Crochet-A-Long von Scheepjes f\u00fcr 2024.  W\u00e4hrend du jedes Motiv h\u00e4kelst, tauche ein in lebendige Farbt\u00f6ne, inspiriert von den faszinierendsten Licht- und Farbdarstellungen der Welt \u2013 Heissluftballons, Nordlichter, Feuerwerke und Lichtspuren. Gefertigt mit GOTS-zertifiziertem Bio-Baumwollgarn, verleiht dieses strahlende Projekt deinem Zuhause einen leuchtenden Touch in den dunklen Wintermonaten.  Der CAL l\u00e4uft vom 16. Oktober bis zum 4. Dezember 2024. Trete den offiziellen Scheepjes-Facebook-Gruppen bei (international und niederl\u00e4ndisch), um eine geh\u00e4kelte Decke mit Motivbasis und verschiedenen Maschentechniken zu gestalten.  Projektinformationen:   Tipps &amp; Tricks, Anleitungshinweise (vor Beginn des Projekts lesen)  Kostenlose Anleitung, inklusive Videos: Teil 1, Teil 2, Teil 3, Teil 4, Teil 5, Teil 6, Teil 7  Die Anleitung ist in folgenden Sprachen verf\u00fcgbar: Englisch (US &amp; UK Terminologie), Deutsch und Niederl\u00e4ndisch  Blogposts der Designerin Jessica Wifall (nur auf Englisch)  Jedes quadratische Motiv misst 9 x 9 cm vor dem Spannen  Die fertige Decke misst etwa 95 x 95 cm nach dem Spannen  Mit diesem Garnset erh\u00e4ltst du:   1 Set mit 3 Postkarten  1 Sonderedition-Tasse  26 Kn\u00e4uel Scheepjes Organicon (100 % Bio-Baumwolle \u2013 je 50 g \/ 170 m \u2013 Fingering \u2013 Maschinenwaschbar bis 40\u00b0C)  F\u00fcr dieses Projekt ben\u00f6tigst du ausserdem:   eine 3.0-mm-H\u00e4kelnadel, die du separat kaufen kannst.  Maschenmarkierer, die du separat kaufen kannst.  Hinweis: Dieses Garnkit enth\u00e4lt nur Garn. Keine Anleitung oder H\u00e4kelnadeln\/Zubeh\u00f6r sind enthalten.","og_url":"https:\/\/www.swisscrochet.ch\/produkt\/scheepjes-cal-festival-of-lights-yarn-kit\/","og_site_name":"Swiss Crochet","article_modified_time":"2025-05-22T09:51:09+00:00","og_image":[{"width":1000,"height":1000,"url":"https:\/\/www.swisscrochet.ch\/wp-content\/uploads\/2025\/01\/Scheepjes-CAL-Festival-of-Lights-Overview.jpg","type":"image\/jpeg"}],"twitter_card":"summary_large_image","schema":{"@context":"https:\/\/schema.org","@graph":[{"@type":["WebPage","ItemPage"],"@id":"https:\/\/www.swisscrochet.ch\/produkt\/scheepjes-cal-festival-of-lights-yarn-kit\/","url":"https:\/\/www.swisscrochet.ch\/produkt\/scheepjes-cal-festival-of-lights-yarn-kit\/","name":"Scheepjes - CAL Festival of Lights - Garnkit &#171; Swiss Crochet","isPartOf":{"@id":"https:\/\/www.swisscrochet.ch\/#website"},"primaryImageOfPage":{"@id":"https:\/\/www.swisscrochet.ch\/produkt\/scheepjes-cal-festival-of-lights-yarn-kit\/#primaryimage"},"image":{"@id":"https:\/\/www.swisscrochet.ch\/produkt\/scheepjes-cal-festival-of-lights-yarn-kit\/#primaryimage"},"thumbnailUrl":"https:\/\/www.swisscrochet.ch\/wp-content\/uploads\/2025\/01\/Scheepjes-CAL-Festival-of-Lights-Overview.jpg","datePublished":"2024-12-27T16:13:17+00:00","dateModified":"2025-05-22T09:51:09+00:00","breadcrumb":{"@id":"https:\/\/www.swisscrochet.ch\/produkt\/scheepjes-cal-festival-of-lights-yarn-kit\/#breadcrumb"},"inLanguage":"de","potentialAction":[{"@type":"ReadAction","target":["https:\/\/www.swisscrochet.ch\/produkt\/scheepjes-cal-festival-of-lights-yarn-kit\/"]}]},{"@type":"ImageObject","inLanguage":"de","@id":"https:\/\/www.swisscrochet.ch\/produkt\/scheepjes-cal-festival-of-lights-yarn-kit\/#primaryimage","url":"https:\/\/www.swisscrochet.ch\/wp-content\/uploads\/2025\/01\/Scheepjes-CAL-Festival-of-Lights-Overview.jpg","contentUrl":"https:\/\/www.swisscrochet.ch\/wp-content\/uploads\/2025\/01\/Scheepjes-CAL-Festival-of-Lights-Overview.jpg","width":1000,"height":1000},{"@type":"BreadcrumbList","@id":"https:\/\/www.swisscrochet.ch\/produkt\/scheepjes-cal-festival-of-lights-yarn-kit\/#breadcrumb","itemListElement":[{"@type":"ListItem","position":1,"name":"Home","item":"https:\/\/www.swisscrochet.ch\/de\/"},{"@type":"ListItem","position":2,"name":"Shop","item":"https:\/\/www.swisscrochet.ch\/de\/shop\/"},{"@type":"ListItem","position":3,"name":"Scheepjes &#8211; CAL Festival of Lights &#8211; Garnkit"}]},{"@type":"WebSite","@id":"https:\/\/www.swisscrochet.ch\/#website","url":"https:\/\/www.swisscrochet.ch\/","name":"Swiss Crochet","description":"Entfalte dein kreatives Potenzial","potentialAction":[{"@type":"SearchAction","target":{"@type":"EntryPoint","urlTemplate":"https:\/\/www.swisscrochet.ch\/?s={search_term_string}"},"query-input":{"@type":"PropertyValueSpecification","valueRequired":true,"valueName":"search_term_string"}}],"inLanguage":"de"}]}},"_links":{"self":[{"href":"https:\/\/www.swisscrochet.ch\/de\/wp-json\/wp\/v2\/product\/2098","targetHints":{"allow":["GET"]}}],"collection":[{"href":"https:\/\/www.swisscrochet.ch\/de\/wp-json\/wp\/v2\/product"}],"about":[{"href":"https:\/\/www.swisscrochet.ch\/de\/wp-json\/wp\/v2\/types\/product"}],"wp:featuredmedia":[{"embeddable":true,"href":"https:\/\/www.swisscrochet.ch\/de\/wp-json\/wp\/v2\/media\/3829"}],"wp:attachment":[{"href":"https:\/\/www.swisscrochet.ch\/de\/wp-json\/wp\/v2\/media?parent=2098"}],"wp:term":[{"taxonomy":"product_brand","embeddable":true,"href":"https:\/\/www.swisscrochet.ch\/de\/wp-json\/wp\/v2\/product_brand?post=2098"},{"taxonomy":"product_cat","embeddable":true,"href":"https:\/\/www.swisscrochet.ch\/de\/wp-json\/wp\/v2\/product_cat?post=2098"},{"taxonomy":"product_tag","embeddable":true,"href":"https:\/\/www.swisscrochet.ch\/de\/wp-json\/wp\/v2\/product_tag?post=2098"}],"curies":[{"name":"wp","href":"https:\/\/api.w.org\/{rel}","templated":true}]}}