{"id":1048,"date":"2024-08-09T17:15:50","date_gmt":"2024-08-09T15:15:50","guid":{"rendered":"https:\/\/www.swisscrochet.ch\/events\/"},"modified":"2024-12-20T17:35:14","modified_gmt":"2024-12-20T16:35:14","slug":"evenements","status":"publish","type":"page","link":"https:\/\/www.swisscrochet.ch\/fr\/evenements\/","title":{"rendered":"\u00c9v\u00e9nements"},"content":{"rendered":"<div class=\"wpb-content-wrapper\"><p>[vc_row][vc_column][vc_row_inner][vc_column_inner width=\u00a0\u00bb2\/3&Prime;][vc_column_text css=\u00a0\u00bb\u00a0\u00bb]<\/p>\n<h2>D\u00e9couvrez le plaisir du crochet dans un environnement convivial et accueillant.<\/h2>\n<p>Nos rencontres et \u00e9v\u00e9nements de crochet sont ouverts \u00e0 tous \u2013 des d\u00e9butants absolus aux experts chevronn\u00e9s. Que vous souhaitiez partager votre projet en cours, trouver de l&rsquo;inspiration ou simplement vous d\u00e9tendre avec des passionn\u00e9s de crochet, nos rassemblements offrent l&rsquo;espace id\u00e9al pour cela.<\/p>\n<p>&nbsp;<\/p>\n<h3>\u00c0 quoi s&rsquo;attendre<\/h3>\n<p>Chaque rencontre est une occasion de se connecter, de cr\u00e9er et de se d\u00e9tendre. Apportez votre projet en cours ou commencez-en un nouveau! Il n&rsquo;y a aucune pression \u2013 juste une bonne compagnie, de bonnes conversations et beaucoup de fil \u00e0 partager. Ces \u00e9v\u00e9nements sont enti\u00e8rement ax\u00e9s sur le plaisir et l&rsquo;amour du crochet.<\/p>\n<p>&nbsp;<\/p>\n<h3>Quand &amp; O\u00f9<\/h3>\n<p>Les lieux de r\u00e9union peuvent varier tout au long de l&rsquo;ann\u00e9e. Pour les rencontres de crochet, nous nous r\u00e9unissons au bureau de Swiss Crochet, dans des caf\u00e9s confortables ou dans d&rsquo;autres magasins de fils locaux. Pour rester inform\u00e9 des derni\u00e8res annonces d&rsquo;\u00e9v\u00e9nements, consultez r\u00e9guli\u00e8rement le site web ou abonnez-vous \u00e0 la <a href=\"https:\/\/www.swisscrochet.ch\/fr\/newsletter\/\">newsletter<\/a>. Nous publierons tous les d\u00e9tails dont vous avez besoin \u2013 heure, lieu et \u00e9ventuels th\u00e8mes ou activit\u00e9s sp\u00e9ciales pr\u00e9vus.<\/p>\n<p>&nbsp;<\/p>\n<h3>Qui peut participer?<\/h3>\n<p>Tout le monde est le bienvenu! Quel que soit votre niveau de comp\u00e9tence, vous trouverez votre place ici. Si vous d\u00e9butez dans le crochet, c&rsquo;est l&rsquo;occasion parfaite d&rsquo;apprendre des autres. Si vous \u00eates exp\u00e9riment\u00e9, c&rsquo;est une chance d&rsquo;inspirer et de vous laisser inspirer. Notre communaut\u00e9 repose sur l&rsquo;ouverture, la cr\u00e9ativit\u00e9 et le simple plaisir de travailler avec du fil.<\/p>\n<p>&nbsp;<\/p>\n<p>Rejoignez-nous pour notre prochaine rencontre de crochet \u2013 nous serions ravis de vous y voir![\/vc_column_text][\/vc_column_inner][vc_column_inner width=\u00a0\u00bb1\/3&Prime;]<div class=\"dt-fancy-separator title-left h4-size style-disabled title-color\" style=\"width: 100%;\"><div class=\"dt-fancy-title\"><span class=\"separator-holder separator-left\"><\/span>Voulez-vous rester inform\u00e9 des nouveaux \u00e9v\u00e9nements? Revenez r\u00e9guli\u00e8rement, ou abonnez-vous \u00e0 la newsletter:<span class=\"separator-holder separator-right\"><\/span><\/div><\/div>[vc_empty_space height=\u00a0\u00bb15px\u00a0\u00bb]<style type=\"text\/css\" data-type=\"the7_shortcodes-inline-css\">#default-btn-c3d7f02585c8a6e3cc2e728f3ff065dd.ico-right-side > i {\n  margin-right: 0px;\n  margin-left: 8px;\n}\n#default-btn-c3d7f02585c8a6e3cc2e728f3ff065dd > i {\n  margin-right: 8px;\n}<\/style><a href=\"https:\/\/www.swisscrochet.ch\/fr\/newsletter\/\" class=\"default-btn-shortcode dt-btn dt-btn-m link-hover-off ico-right-side btn-inline-left \" target=\"_blank\" id=\"default-btn-c3d7f02585c8a6e3cc2e728f3ff065dd\" rel=\"noopener\"><span>Abonnez-vous \u00e0 la newsletter<\/span><i class=\"icomoon-the7-font-the7-mail-03\"><\/i><\/a>[\/vc_column_inner][\/vc_row_inner][vc_empty_space height=\u00a0\u00bb50px\u00a0\u00bb]<style type=\"text\/css\" data-type=\"the7_shortcodes-inline-css\">.products-shortcode.products-masonry-shortcode-id-2c691ec54cbdeddbb2c6a167f0212bb3 .filter-bg-decoration .filter-categories a.act {\n  color: #fff;\n}\n.products-shortcode.products-masonry-shortcode-id-2c691ec54cbdeddbb2c6a167f0212bb3:not(.resize-by-browser-width) .dt-css-grid {\n  grid-row-gap: 30px;\n  grid-column-gap: 30px;\n  grid-template-columns: repeat(auto-fill,minmax(250px,1fr));\n}\n.cssgridlegacy.no-cssgrid .products-shortcode.products-masonry-shortcode-id-2c691ec54cbdeddbb2c6a167f0212bb3:not(.resize-by-browser-width) .dt-css-grid,\n.no-cssgridlegacy.no-cssgrid .products-shortcode.products-masonry-shortcode-id-2c691ec54cbdeddbb2c6a167f0212bb3:not(.resize-by-browser-width) .dt-css-grid {\n  display: flex;\n  flex-flow: row wrap;\n  margin: -15px;\n}\n.cssgridlegacy.no-cssgrid .products-shortcode.products-masonry-shortcode-id-2c691ec54cbdeddbb2c6a167f0212bb3:not(.resize-by-browser-width) .dt-css-grid .wf-cell,\n.no-cssgridlegacy.no-cssgrid .products-shortcode.products-masonry-shortcode-id-2c691ec54cbdeddbb2c6a167f0212bb3:not(.resize-by-browser-width) .dt-css-grid .wf-cell {\n  flex: 1 0 250px;\n  min-width: 250px;\n  max-width: 100%;\n  padding: 15px;\n  box-sizing: border-box;\n}\n.products-shortcode.products-masonry-shortcode-id-2c691ec54cbdeddbb2c6a167f0212bb3.resize-by-browser-width .dt-css-grid {\n  grid-template-columns: repeat(,1fr);\n  grid-template-rows: auto;\n  grid-column-gap: 30px;\n  grid-row-gap: 30px;\n}\n.cssgridlegacy.no-cssgrid .products-shortcode.products-masonry-shortcode-id-2c691ec54cbdeddbb2c6a167f0212bb3.resize-by-browser-width .dt-css-grid,\n.no-cssgridlegacy.no-cssgrid .products-shortcode.products-masonry-shortcode-id-2c691ec54cbdeddbb2c6a167f0212bb3.resize-by-browser-width .dt-css-grid {\n  margin: -15px;\n}\n.cssgridlegacy.no-cssgrid .products-shortcode.products-masonry-shortcode-id-2c691ec54cbdeddbb2c6a167f0212bb3.resize-by-browser-width .dt-css-grid .wf-cell,\n.no-cssgridlegacy.no-cssgrid .products-shortcode.products-masonry-shortcode-id-2c691ec54cbdeddbb2c6a167f0212bb3.resize-by-browser-width .dt-css-grid .wf-cell {\n  padding: 15px;\n}\n@media screen and (max-width: 1199px) {\n  .products-shortcode.products-masonry-shortcode-id-2c691ec54cbdeddbb2c6a167f0212bb3.resize-by-browser-width .dt-css-grid {\n    grid-template-columns: repeat(,1fr);\n  }\n}\n@media screen and (max-width: 991px) {\n  .products-shortcode.products-masonry-shortcode-id-2c691ec54cbdeddbb2c6a167f0212bb3.resize-by-browser-width .dt-css-grid {\n    grid-template-columns: repeat(,1fr);\n  }\n}\n@media screen and (max-width: 767px) {\n  .products-shortcode.products-masonry-shortcode-id-2c691ec54cbdeddbb2c6a167f0212bb3.resize-by-browser-width .dt-css-grid {\n    grid-template-columns: repeat(,1fr);\n  }\n}<\/style><div class=\"products-shortcode products-masonry-shortcode-id-2c691ec54cbdeddbb2c6a167f0212bb3 mode-grid cart-btn-below-img hide-description hide-rating jquery-filter dt-css-grid-wrap loading-effect-none description-under-image content-align-centre wc-grid\" data-padding=\"15px\" data-cur-page=\"1\" data-post-limit=\"-1\" data-pagination-mode=\"none\" data-width=\"250px\" data-columns=\"0\"><div class=\"dt-css-grid\" ><div class=\"visible wf-cell visible\" data-post-id=\"1387\" data-date=\"2024-10-19T17:42:52+02:00\" data-name=\"Crochet Ap\u00e9ro\"><article class=\"post project-odd visible description-off wvs-archive-product-wrapper product type-product post-1387 status-publish first instock product_cat-evenements has-post-thumbnail purchasable product-type-variable\" ><figure class=\"woocom-project\">\n\t<div class=\"woo-buttons-on-img\">\n\n\t\t<a href=\"https:\/\/www.swisscrochet.ch\/fr\/produit\/crochet-apero\/\" class=\"alignnone layzr-bg\"><img loading=\"lazy\" decoding=\"async\" width=\"300\" height=\"300\" src=\"data:image\/svg+xml;charset=utf-8,%3Csvg xmlns%3D&#039;http%3A%2F%2Fwww.w3.org%2F2000%2Fsvg&#039; viewBox%3D&#039;0 0 300 300&#039;%2F%3E\" class=\"attachment-woocommerce_thumbnail size-woocommerce_thumbnail wvs-archive-product-image iso-lazy-load preload-me\" alt=\"Swiss Crochet Event - Crochet Ape\u0301ro\" data-src=\"https:\/\/www.swisscrochet.ch\/wp-content\/uploads\/2024\/12\/Swiss-Crochet-Crochet-Apero-Overview-300x300.jpg\" data-srcset=\"https:\/\/www.swisscrochet.ch\/wp-content\/uploads\/2024\/12\/Swiss-Crochet-Crochet-Apero-Overview-300x300.jpg 300w, https:\/\/www.swisscrochet.ch\/wp-content\/uploads\/2024\/12\/Swiss-Crochet-Crochet-Apero-Overview-150x150.jpg 150w, https:\/\/www.swisscrochet.ch\/wp-content\/uploads\/2024\/12\/Swiss-Crochet-Crochet-Apero-Overview-768x768.jpg 768w, https:\/\/www.swisscrochet.ch\/wp-content\/uploads\/2024\/12\/Swiss-Crochet-Crochet-Apero-Overview-600x600.jpg 600w, https:\/\/www.swisscrochet.ch\/wp-content\/uploads\/2024\/12\/Swiss-Crochet-Crochet-Apero-Overview-200x200.jpg 200w, https:\/\/www.swisscrochet.ch\/wp-content\/uploads\/2024\/12\/Swiss-Crochet-Crochet-Apero-Overview-50x50.jpg 50w, https:\/\/www.swisscrochet.ch\/wp-content\/uploads\/2024\/12\/Swiss-Crochet-Crochet-Apero-Overview-100x100.jpg 100w, https:\/\/www.swisscrochet.ch\/wp-content\/uploads\/2024\/12\/Swiss-Crochet-Crochet-Apero-Overview-64x64.jpg 64w, https:\/\/www.swisscrochet.ch\/wp-content\/uploads\/2024\/12\/Swiss-Crochet-Crochet-Apero-Overview.jpg 1000w\" \/><\/a>\n\t<\/div>\n\t<figcaption class=\"woocom-list-content\">\n\n\t\t<div class=\"woo-buttons\"><a href=\"https:\/\/www.swisscrochet.ch\/fr\/produit\/crochet-apero\/\" aria-describedby=\"woocommerce_loop_add_to_cart_link_describedby_1387\" data-quantity=\"1\" class=\"product_type_variable add_to_cart_button\" data-product_id=\"1387\" data-product_sku=\"990010010\" aria-label=\"S\u00e9lectionner les options pour &ldquo;Crochet Ap\u00e9ro&rdquo;\" rel=\"nofollow\">R\u00e9server un \u00e9v\u00e9nement<\/a>\t<span id=\"woocommerce_loop_add_to_cart_link_describedby_1387\" class=\"screen-reader-text\">\n\t\tCe produit a plusieurs variations. Les options peuvent \u00eatre choisies sur la page du produit\t<\/span>\n<\/div>\n\t<\/figcaption>\n<\/figure>\n<\/article><\/div><\/div><!-- iso-container|iso-grid --><\/div>[vc_empty_space][\/vc_column][\/vc_row]<\/p>\n<\/div>","protected":false},"excerpt":{"rendered":"<p>[vc_row][vc_column][vc_row_inner][vc_column_inner width=\u00a0\u00bb2\/3&Prime;][vc_column_text css=\u00a0\u00bb\u00a0\u00bb] D\u00e9couvrez le plaisir du crochet dans un environnement convivial et accueillant. Nos rencontres et \u00e9v\u00e9nements de crochet sont ouverts \u00e0 tous \u2013 des d\u00e9butants absolus aux experts chevronn\u00e9s. Que vous souhaitiez partager votre projet en cours, trouver de l&rsquo;inspiration ou simplement vous d\u00e9tendre avec des passionn\u00e9s de crochet, nos rassemblements offrent l&rsquo;espace&hellip;<\/p>\n","protected":false},"author":2,"featured_media":243,"parent":0,"menu_order":8,"comment_status":"closed","ping_status":"closed","template":"","meta":{"footnotes":""},"class_list":["post-1048","page","type-page","status-publish","has-post-thumbnail","hentry","description-off"],"yoast_head":"<!-- This site is optimized with the Yoast SEO plugin v27.5 - https:\/\/yoast.com\/product\/yoast-seo-wordpress\/ -->\n<title>\u00c9v\u00e9nements &#171; Swiss Crochet<\/title>\n<meta name=\"description\" content=\"Participez \u00e0 nos \u00e9v\u00e9nements de crochet pour vous d\u00e9tendre, cr\u00e9er des liens et laisser libre cours \u00e0 votre cr\u00e9ativit\u00e9. Ouvert \u00e0 tous les niveaux de comp\u00e9tence!\" \/>\n<meta name=\"robots\" content=\"index, follow, max-snippet:-1, max-image-preview:large, max-video-preview:-1\" \/>\n<link rel=\"canonical\" href=\"https:\/\/www.swisscrochet.ch\/fr\/evenements\/\" \/>\n<meta property=\"og:locale\" content=\"fr_FR\" \/>\n<meta property=\"og:type\" content=\"article\" \/>\n<meta property=\"og:title\" content=\"\u00c9v\u00e9nements &#171; Swiss Crochet\" \/>\n<meta property=\"og:description\" content=\"Participez \u00e0 nos \u00e9v\u00e9nements de crochet pour vous d\u00e9tendre, cr\u00e9er des liens et laisser libre cours \u00e0 votre cr\u00e9ativit\u00e9. Ouvert \u00e0 tous les niveaux de comp\u00e9tence!\" \/>\n<meta property=\"og:url\" content=\"https:\/\/www.swisscrochet.ch\/fr\/evenements\/\" \/>\n<meta property=\"og:site_name\" content=\"Swiss Crochet\" \/>\n<meta property=\"article:modified_time\" content=\"2024-12-20T16:35:14+00:00\" \/>\n<meta property=\"og:image\" content=\"https:\/\/www.swisscrochet.ch\/wp-content\/uploads\/2024\/08\/Logo-Swiss-Crochet-Square-RGB-WITH-color-BGD-512px.png\" \/>\n\t<meta property=\"og:image:width\" content=\"512\" \/>\n\t<meta property=\"og:image:height\" content=\"512\" \/>\n\t<meta property=\"og:image:type\" content=\"image\/png\" \/>\n<meta name=\"twitter:card\" content=\"summary_large_image\" \/>\n<meta name=\"twitter:label1\" content=\"Dur\u00e9e de lecture estim\u00e9e\" \/>\n\t<meta name=\"twitter:data1\" content=\"2 minutes\" \/>\n<script type=\"application\/ld+json\" class=\"yoast-schema-graph\">{\"@context\":\"https:\\\/\\\/schema.org\",\"@graph\":[{\"@type\":\"WebPage\",\"@id\":\"https:\\\/\\\/www.swisscrochet.ch\\\/fr\\\/evenements\\\/\",\"url\":\"https:\\\/\\\/www.swisscrochet.ch\\\/fr\\\/evenements\\\/\",\"name\":\"\u00c9v\u00e9nements &#171; Swiss Crochet\",\"isPartOf\":{\"@id\":\"https:\\\/\\\/www.swisscrochet.ch\\\/#website\"},\"primaryImageOfPage\":{\"@id\":\"https:\\\/\\\/www.swisscrochet.ch\\\/fr\\\/evenements\\\/#primaryimage\"},\"image\":{\"@id\":\"https:\\\/\\\/www.swisscrochet.ch\\\/fr\\\/evenements\\\/#primaryimage\"},\"thumbnailUrl\":\"https:\\\/\\\/www.swisscrochet.ch\\\/wp-content\\\/uploads\\\/2024\\\/08\\\/Logo-Swiss-Crochet-Square-RGB-WITH-color-BGD-512px.png\",\"datePublished\":\"2024-08-09T15:15:50+00:00\",\"dateModified\":\"2024-12-20T16:35:14+00:00\",\"description\":\"Participez \u00e0 nos \u00e9v\u00e9nements de crochet pour vous d\u00e9tendre, cr\u00e9er des liens et laisser libre cours \u00e0 votre cr\u00e9ativit\u00e9. Ouvert \u00e0 tous les niveaux de comp\u00e9tence!\",\"breadcrumb\":{\"@id\":\"https:\\\/\\\/www.swisscrochet.ch\\\/fr\\\/evenements\\\/#breadcrumb\"},\"inLanguage\":\"fr-FR\",\"potentialAction\":[{\"@type\":\"ReadAction\",\"target\":[\"https:\\\/\\\/www.swisscrochet.ch\\\/fr\\\/evenements\\\/\"]}]},{\"@type\":\"ImageObject\",\"inLanguage\":\"fr-FR\",\"@id\":\"https:\\\/\\\/www.swisscrochet.ch\\\/fr\\\/evenements\\\/#primaryimage\",\"url\":\"https:\\\/\\\/www.swisscrochet.ch\\\/wp-content\\\/uploads\\\/2024\\\/08\\\/Logo-Swiss-Crochet-Square-RGB-WITH-color-BGD-512px.png\",\"contentUrl\":\"https:\\\/\\\/www.swisscrochet.ch\\\/wp-content\\\/uploads\\\/2024\\\/08\\\/Logo-Swiss-Crochet-Square-RGB-WITH-color-BGD-512px.png\",\"width\":512,\"height\":512},{\"@type\":\"BreadcrumbList\",\"@id\":\"https:\\\/\\\/www.swisscrochet.ch\\\/fr\\\/evenements\\\/#breadcrumb\",\"itemListElement\":[{\"@type\":\"ListItem\",\"position\":1,\"name\":\"Home\",\"item\":\"https:\\\/\\\/www.swisscrochet.ch\\\/fr\\\/\"},{\"@type\":\"ListItem\",\"position\":2,\"name\":\"\u00c9v\u00e9nements\"}]},{\"@type\":\"WebSite\",\"@id\":\"https:\\\/\\\/www.swisscrochet.ch\\\/#website\",\"url\":\"https:\\\/\\\/www.swisscrochet.ch\\\/\",\"name\":\"Swiss Crochet\",\"description\":\"Lib\u00e9rez votre potentiel cr\u00e9atif\",\"potentialAction\":[{\"@type\":\"SearchAction\",\"target\":{\"@type\":\"EntryPoint\",\"urlTemplate\":\"https:\\\/\\\/www.swisscrochet.ch\\\/?s={search_term_string}\"},\"query-input\":{\"@type\":\"PropertyValueSpecification\",\"valueRequired\":true,\"valueName\":\"search_term_string\"}}],\"inLanguage\":\"fr-FR\"}]}<\/script>\n<!-- \/ Yoast SEO plugin. -->","yoast_head_json":{"title":"\u00c9v\u00e9nements &#171; Swiss Crochet","description":"Participez \u00e0 nos \u00e9v\u00e9nements de crochet pour vous d\u00e9tendre, cr\u00e9er des liens et laisser libre cours \u00e0 votre cr\u00e9ativit\u00e9. Ouvert \u00e0 tous les niveaux de comp\u00e9tence!","robots":{"index":"index","follow":"follow","max-snippet":"max-snippet:-1","max-image-preview":"max-image-preview:large","max-video-preview":"max-video-preview:-1"},"canonical":"https:\/\/www.swisscrochet.ch\/fr\/evenements\/","og_locale":"fr_FR","og_type":"article","og_title":"\u00c9v\u00e9nements &#171; Swiss Crochet","og_description":"Participez \u00e0 nos \u00e9v\u00e9nements de crochet pour vous d\u00e9tendre, cr\u00e9er des liens et laisser libre cours \u00e0 votre cr\u00e9ativit\u00e9. Ouvert \u00e0 tous les niveaux de comp\u00e9tence!","og_url":"https:\/\/www.swisscrochet.ch\/fr\/evenements\/","og_site_name":"Swiss Crochet","article_modified_time":"2024-12-20T16:35:14+00:00","og_image":[{"width":512,"height":512,"url":"https:\/\/www.swisscrochet.ch\/wp-content\/uploads\/2024\/08\/Logo-Swiss-Crochet-Square-RGB-WITH-color-BGD-512px.png","type":"image\/png"}],"twitter_card":"summary_large_image","twitter_misc":{"Dur\u00e9e de lecture estim\u00e9e":"2 minutes"},"schema":{"@context":"https:\/\/schema.org","@graph":[{"@type":"WebPage","@id":"https:\/\/www.swisscrochet.ch\/fr\/evenements\/","url":"https:\/\/www.swisscrochet.ch\/fr\/evenements\/","name":"\u00c9v\u00e9nements &#171; Swiss Crochet","isPartOf":{"@id":"https:\/\/www.swisscrochet.ch\/#website"},"primaryImageOfPage":{"@id":"https:\/\/www.swisscrochet.ch\/fr\/evenements\/#primaryimage"},"image":{"@id":"https:\/\/www.swisscrochet.ch\/fr\/evenements\/#primaryimage"},"thumbnailUrl":"https:\/\/www.swisscrochet.ch\/wp-content\/uploads\/2024\/08\/Logo-Swiss-Crochet-Square-RGB-WITH-color-BGD-512px.png","datePublished":"2024-08-09T15:15:50+00:00","dateModified":"2024-12-20T16:35:14+00:00","description":"Participez \u00e0 nos \u00e9v\u00e9nements de crochet pour vous d\u00e9tendre, cr\u00e9er des liens et laisser libre cours \u00e0 votre cr\u00e9ativit\u00e9. Ouvert \u00e0 tous les niveaux de comp\u00e9tence!","breadcrumb":{"@id":"https:\/\/www.swisscrochet.ch\/fr\/evenements\/#breadcrumb"},"inLanguage":"fr-FR","potentialAction":[{"@type":"ReadAction","target":["https:\/\/www.swisscrochet.ch\/fr\/evenements\/"]}]},{"@type":"ImageObject","inLanguage":"fr-FR","@id":"https:\/\/www.swisscrochet.ch\/fr\/evenements\/#primaryimage","url":"https:\/\/www.swisscrochet.ch\/wp-content\/uploads\/2024\/08\/Logo-Swiss-Crochet-Square-RGB-WITH-color-BGD-512px.png","contentUrl":"https:\/\/www.swisscrochet.ch\/wp-content\/uploads\/2024\/08\/Logo-Swiss-Crochet-Square-RGB-WITH-color-BGD-512px.png","width":512,"height":512},{"@type":"BreadcrumbList","@id":"https:\/\/www.swisscrochet.ch\/fr\/evenements\/#breadcrumb","itemListElement":[{"@type":"ListItem","position":1,"name":"Home","item":"https:\/\/www.swisscrochet.ch\/fr\/"},{"@type":"ListItem","position":2,"name":"\u00c9v\u00e9nements"}]},{"@type":"WebSite","@id":"https:\/\/www.swisscrochet.ch\/#website","url":"https:\/\/www.swisscrochet.ch\/","name":"Swiss Crochet","description":"Lib\u00e9rez votre potentiel cr\u00e9atif","potentialAction":[{"@type":"SearchAction","target":{"@type":"EntryPoint","urlTemplate":"https:\/\/www.swisscrochet.ch\/?s={search_term_string}"},"query-input":{"@type":"PropertyValueSpecification","valueRequired":true,"valueName":"search_term_string"}}],"inLanguage":"fr-FR"}]}},"_links":{"self":[{"href":"https:\/\/www.swisscrochet.ch\/fr\/wp-json\/wp\/v2\/pages\/1048","targetHints":{"allow":["GET"]}}],"collection":[{"href":"https:\/\/www.swisscrochet.ch\/fr\/wp-json\/wp\/v2\/pages"}],"about":[{"href":"https:\/\/www.swisscrochet.ch\/fr\/wp-json\/wp\/v2\/types\/page"}],"author":[{"embeddable":true,"href":"https:\/\/www.swisscrochet.ch\/fr\/wp-json\/wp\/v2\/users\/2"}],"replies":[{"embeddable":true,"href":"https:\/\/www.swisscrochet.ch\/fr\/wp-json\/wp\/v2\/comments?post=1048"}],"version-history":[{"count":0,"href":"https:\/\/www.swisscrochet.ch\/fr\/wp-json\/wp\/v2\/pages\/1048\/revisions"}],"wp:featuredmedia":[{"embeddable":true,"href":"https:\/\/www.swisscrochet.ch\/fr\/wp-json\/wp\/v2\/media\/243"}],"wp:attachment":[{"href":"https:\/\/www.swisscrochet.ch\/fr\/wp-json\/wp\/v2\/media?parent=1048"}],"curies":[{"name":"wp","href":"https:\/\/api.w.org\/{rel}","templated":true}]}}