{"id":25946,"date":"2026-03-08T12:38:28","date_gmt":"2026-03-08T11:38:28","guid":{"rendered":"https:\/\/www.swisscrochet.ch\/product\/sequin-project-bags\/"},"modified":"2026-03-08T12:44:29","modified_gmt":"2026-03-08T11:44:29","slug":"sacs-de-projet-a-sequins","status":"publish","type":"product","link":"https:\/\/www.swisscrochet.ch\/fr\/produit\/sacs-de-projet-a-sequins\/","title":{"rendered":"Sacs de projet \u00e0 sequins"},"content":{"rendered":"","protected":false},"excerpt":{"rendered":"<p>Ajoutez une touche d\u2019\u00e9clat \u00e0 votre projet avec ces \u00e9l\u00e9gants sacs de projet \u00e0 sequins. Dot\u00e9s d\u2019un ext\u00e9rieur scintillant en sequins et d\u2019une doublure en polyester lisse, ces sacs l\u00e9gers sont \u00e0 la fois pratiques et attrayants \u2014 parfaits pour transporter vos projets de crochet partout avec vous.<\/p>\n<p>Con\u00e7u pour les cr\u00e9atrices, le sac poss\u00e8de une anse courte et une anse longue qui permettent de le fermer gr\u00e2ce \u00e0 la technique populaire du n\u0153ud japonais (voir photos). Cette construction ing\u00e9nieuse garde votre projet en s\u00e9curit\u00e9 tout en restant facile \u00e0 ouvrir et \u00e0 utiliser en d\u00e9placement. Une petite poche int\u00e9rieure offre de la place pour les essentiels tels que des marqueurs de mailles, des ciseaux ou un m\u00e8tre ruban.<\/p>\n<p>Gr\u00e2ce \u00e0 sa taille compacte et \u00e0 son poids tr\u00e8s l\u00e9ger, ce sac est id\u00e9al pour les petits projets de crochet et parfait pour crocheter pendant les trajets ou les voyages.<\/p>\n<p>Disponible en deux couleurs \u2014 Rainbow et Noir \u2014 chaque sac apporte une touche moderne et \u00e9l\u00e9gante \u00e0 votre collection de sacs de projet.<\/p>\n<p><strong>D\u00e9tails<\/strong><br \/>\n\u2013 Tissu ext\u00e9rieur orn\u00e9 de sequins<br \/>\n\u2013 Une anse courte et une anse longue pour fermeture en n\u0153ud japonais<br \/>\n\u2013 Petite poche int\u00e9rieure<br \/>\n\u2013 Poids approx. : 50 g<br \/>\n\u2013 Taille : 26 \u00d7 21 cm  <\/p>\n<p><strong>\u00c9dition limit\u00e9e \u2014 disponible jusqu\u2019\u00e0 \u00e9puisement des stocks.<\/strong><\/p>\n","protected":false},"featured_media":25906,"template":"","meta":[],"product_brand":[],"product_cat":[221,577],"product_tag":[],"class_list":{"0":"post-25946","1":"product","2":"type-product","3":"status-publish","4":"has-post-thumbnail","6":"product_cat-crochets-et-outils","7":"product_cat-etuis-et-trousses","8":"description-off","10":"first","11":"instock","12":"taxable","13":"shipping-taxable","14":"purchasable","15":"product-type-variable","16":"wvs-archive-product-wrapper"},"bundled_by":[],"bundle_stock_status":"instock","bundle_stock_quantity":null,"bundle_virtual":false,"bundle_layout":"","bundle_add_to_cart_form_location":"","bundle_editable_in_cart":false,"bundle_sold_individually_context":"","bundle_item_grouping":"","bundle_min_size":"","bundle_max_size":"","bundle_price":[],"bundled_items":[],"bundle_sell_ids":[],"yoast_head":"<!-- This site is optimized with the Yoast SEO plugin v27.4 - https:\/\/yoast.com\/product\/yoast-seo-wordpress\/ -->\n<title>Sacs de projet \u00e0 sequins &#171; Swiss Crochet<\/title>\n<meta name=\"description\" content=\"Sac de projet l\u00e9ger \u00e0 sequins avec fermeture japonaise en n\u0153ud et poche int\u00e9rieure. Sac \u00e9l\u00e9gant pour projets de crochet en version arc-en-ciel ou noir, parfait pour les petits projets \u00e0 emporter.\" \/>\n<meta name=\"robots\" content=\"index, follow, max-snippet:-1, max-image-preview:large, max-video-preview:-1\" \/>\n<link rel=\"canonical\" href=\"https:\/\/www.swisscrochet.ch\/fr\/produit\/sacs-de-projet-a-sequins\/\" \/>\n<meta property=\"og:locale\" content=\"fr_FR\" \/>\n<meta property=\"og:type\" content=\"article\" \/>\n<meta property=\"og:title\" content=\"Sacs de projet \u00e0 sequins &#171; Swiss Crochet\" \/>\n<meta property=\"og:description\" content=\"Sac de projet l\u00e9ger \u00e0 sequins avec fermeture japonaise en n\u0153ud et poche int\u00e9rieure. Sac \u00e9l\u00e9gant pour projets de crochet en version arc-en-ciel ou noir, parfait pour les petits projets \u00e0 emporter.\" \/>\n<meta property=\"og:url\" content=\"https:\/\/www.swisscrochet.ch\/fr\/produit\/sacs-de-projet-a-sequins\/\" \/>\n<meta property=\"og:site_name\" content=\"Swiss Crochet\" \/>\n<meta property=\"article:modified_time\" content=\"2026-03-08T11:44:29+00:00\" \/>\n<meta property=\"og:image\" content=\"https:\/\/www.swisscrochet.ch\/wp-content\/uploads\/2026\/03\/Sequin-Project-Bags-Overview.jpg\" \/>\n\t<meta property=\"og:image:width\" content=\"1000\" \/>\n\t<meta property=\"og:image:height\" content=\"1000\" \/>\n\t<meta property=\"og:image:type\" content=\"image\/jpeg\" \/>\n<meta name=\"twitter:card\" content=\"summary_large_image\" \/>\n<meta name=\"twitter:label1\" content=\"Dur\u00e9e de lecture estim\u00e9e\" \/>\n\t<meta name=\"twitter:data1\" content=\"1 minute\" \/>\n<script type=\"application\/ld+json\" class=\"yoast-schema-graph\">{\"@context\":\"https:\\\/\\\/schema.org\",\"@graph\":[{\"@type\":[\"WebPage\",\"ItemPage\"],\"@id\":\"https:\\\/\\\/www.swisscrochet.ch\\\/fr\\\/produit\\\/sacs-de-projet-a-sequins\\\/\",\"url\":\"https:\\\/\\\/www.swisscrochet.ch\\\/fr\\\/produit\\\/sacs-de-projet-a-sequins\\\/\",\"name\":\"Sacs de projet \u00e0 sequins &#171; Swiss Crochet\",\"isPartOf\":{\"@id\":\"https:\\\/\\\/www.swisscrochet.ch\\\/#website\"},\"primaryImageOfPage\":{\"@id\":\"https:\\\/\\\/www.swisscrochet.ch\\\/fr\\\/produit\\\/sacs-de-projet-a-sequins\\\/#primaryimage\"},\"image\":{\"@id\":\"https:\\\/\\\/www.swisscrochet.ch\\\/fr\\\/produit\\\/sacs-de-projet-a-sequins\\\/#primaryimage\"},\"thumbnailUrl\":\"https:\\\/\\\/www.swisscrochet.ch\\\/wp-content\\\/uploads\\\/2026\\\/03\\\/Sequin-Project-Bags-Overview.jpg\",\"datePublished\":\"2026-03-08T11:38:28+00:00\",\"dateModified\":\"2026-03-08T11:44:29+00:00\",\"description\":\"Sac de projet l\u00e9ger \u00e0 sequins avec fermeture japonaise en n\u0153ud et poche int\u00e9rieure. Sac \u00e9l\u00e9gant pour projets de crochet en version arc-en-ciel ou noir, parfait pour les petits projets \u00e0 emporter.\",\"breadcrumb\":{\"@id\":\"https:\\\/\\\/www.swisscrochet.ch\\\/fr\\\/produit\\\/sacs-de-projet-a-sequins\\\/#breadcrumb\"},\"inLanguage\":\"fr-FR\",\"potentialAction\":[{\"@type\":\"ReadAction\",\"target\":[\"https:\\\/\\\/www.swisscrochet.ch\\\/fr\\\/produit\\\/sacs-de-projet-a-sequins\\\/\"]}]},{\"@type\":\"ImageObject\",\"inLanguage\":\"fr-FR\",\"@id\":\"https:\\\/\\\/www.swisscrochet.ch\\\/fr\\\/produit\\\/sacs-de-projet-a-sequins\\\/#primaryimage\",\"url\":\"https:\\\/\\\/www.swisscrochet.ch\\\/wp-content\\\/uploads\\\/2026\\\/03\\\/Sequin-Project-Bags-Overview.jpg\",\"contentUrl\":\"https:\\\/\\\/www.swisscrochet.ch\\\/wp-content\\\/uploads\\\/2026\\\/03\\\/Sequin-Project-Bags-Overview.jpg\",\"width\":1000,\"height\":1000},{\"@type\":\"BreadcrumbList\",\"@id\":\"https:\\\/\\\/www.swisscrochet.ch\\\/fr\\\/produit\\\/sacs-de-projet-a-sequins\\\/#breadcrumb\",\"itemListElement\":[{\"@type\":\"ListItem\",\"position\":1,\"name\":\"Home\",\"item\":\"https:\\\/\\\/www.swisscrochet.ch\\\/fr\\\/\"},{\"@type\":\"ListItem\",\"position\":2,\"name\":\"Boutique\",\"item\":\"https:\\\/\\\/www.swisscrochet.ch\\\/fr\\\/boutique\\\/\"},{\"@type\":\"ListItem\",\"position\":3,\"name\":\"Sacs de projet \u00e0 sequins\"}]},{\"@type\":\"WebSite\",\"@id\":\"https:\\\/\\\/www.swisscrochet.ch\\\/#website\",\"url\":\"https:\\\/\\\/www.swisscrochet.ch\\\/\",\"name\":\"Swiss Crochet\",\"description\":\"Lib\u00e9rez votre potentiel cr\u00e9atif\",\"potentialAction\":[{\"@type\":\"SearchAction\",\"target\":{\"@type\":\"EntryPoint\",\"urlTemplate\":\"https:\\\/\\\/www.swisscrochet.ch\\\/?s={search_term_string}\"},\"query-input\":{\"@type\":\"PropertyValueSpecification\",\"valueRequired\":true,\"valueName\":\"search_term_string\"}}],\"inLanguage\":\"fr-FR\"}]}<\/script>\n<!-- \/ Yoast SEO plugin. -->","yoast_head_json":{"title":"Sacs de projet \u00e0 sequins &#171; Swiss Crochet","description":"Sac de projet l\u00e9ger \u00e0 sequins avec fermeture japonaise en n\u0153ud et poche int\u00e9rieure. Sac \u00e9l\u00e9gant pour projets de crochet en version arc-en-ciel ou noir, parfait pour les petits projets \u00e0 emporter.","robots":{"index":"index","follow":"follow","max-snippet":"max-snippet:-1","max-image-preview":"max-image-preview:large","max-video-preview":"max-video-preview:-1"},"canonical":"https:\/\/www.swisscrochet.ch\/fr\/produit\/sacs-de-projet-a-sequins\/","og_locale":"fr_FR","og_type":"article","og_title":"Sacs de projet \u00e0 sequins &#171; Swiss Crochet","og_description":"Sac de projet l\u00e9ger \u00e0 sequins avec fermeture japonaise en n\u0153ud et poche int\u00e9rieure. Sac \u00e9l\u00e9gant pour projets de crochet en version arc-en-ciel ou noir, parfait pour les petits projets \u00e0 emporter.","og_url":"https:\/\/www.swisscrochet.ch\/fr\/produit\/sacs-de-projet-a-sequins\/","og_site_name":"Swiss Crochet","article_modified_time":"2026-03-08T11:44:29+00:00","og_image":[{"width":1000,"height":1000,"url":"https:\/\/www.swisscrochet.ch\/wp-content\/uploads\/2026\/03\/Sequin-Project-Bags-Overview.jpg","type":"image\/jpeg"}],"twitter_card":"summary_large_image","twitter_misc":{"Dur\u00e9e de lecture estim\u00e9e":"1 minute"},"schema":{"@context":"https:\/\/schema.org","@graph":[{"@type":["WebPage","ItemPage"],"@id":"https:\/\/www.swisscrochet.ch\/fr\/produit\/sacs-de-projet-a-sequins\/","url":"https:\/\/www.swisscrochet.ch\/fr\/produit\/sacs-de-projet-a-sequins\/","name":"Sacs de projet \u00e0 sequins &#171; Swiss Crochet","isPartOf":{"@id":"https:\/\/www.swisscrochet.ch\/#website"},"primaryImageOfPage":{"@id":"https:\/\/www.swisscrochet.ch\/fr\/produit\/sacs-de-projet-a-sequins\/#primaryimage"},"image":{"@id":"https:\/\/www.swisscrochet.ch\/fr\/produit\/sacs-de-projet-a-sequins\/#primaryimage"},"thumbnailUrl":"https:\/\/www.swisscrochet.ch\/wp-content\/uploads\/2026\/03\/Sequin-Project-Bags-Overview.jpg","datePublished":"2026-03-08T11:38:28+00:00","dateModified":"2026-03-08T11:44:29+00:00","description":"Sac de projet l\u00e9ger \u00e0 sequins avec fermeture japonaise en n\u0153ud et poche int\u00e9rieure. Sac \u00e9l\u00e9gant pour projets de crochet en version arc-en-ciel ou noir, parfait pour les petits projets \u00e0 emporter.","breadcrumb":{"@id":"https:\/\/www.swisscrochet.ch\/fr\/produit\/sacs-de-projet-a-sequins\/#breadcrumb"},"inLanguage":"fr-FR","potentialAction":[{"@type":"ReadAction","target":["https:\/\/www.swisscrochet.ch\/fr\/produit\/sacs-de-projet-a-sequins\/"]}]},{"@type":"ImageObject","inLanguage":"fr-FR","@id":"https:\/\/www.swisscrochet.ch\/fr\/produit\/sacs-de-projet-a-sequins\/#primaryimage","url":"https:\/\/www.swisscrochet.ch\/wp-content\/uploads\/2026\/03\/Sequin-Project-Bags-Overview.jpg","contentUrl":"https:\/\/www.swisscrochet.ch\/wp-content\/uploads\/2026\/03\/Sequin-Project-Bags-Overview.jpg","width":1000,"height":1000},{"@type":"BreadcrumbList","@id":"https:\/\/www.swisscrochet.ch\/fr\/produit\/sacs-de-projet-a-sequins\/#breadcrumb","itemListElement":[{"@type":"ListItem","position":1,"name":"Home","item":"https:\/\/www.swisscrochet.ch\/fr\/"},{"@type":"ListItem","position":2,"name":"Boutique","item":"https:\/\/www.swisscrochet.ch\/fr\/boutique\/"},{"@type":"ListItem","position":3,"name":"Sacs de projet \u00e0 sequins"}]},{"@type":"WebSite","@id":"https:\/\/www.swisscrochet.ch\/#website","url":"https:\/\/www.swisscrochet.ch\/","name":"Swiss Crochet","description":"Lib\u00e9rez votre potentiel cr\u00e9atif","potentialAction":[{"@type":"SearchAction","target":{"@type":"EntryPoint","urlTemplate":"https:\/\/www.swisscrochet.ch\/?s={search_term_string}"},"query-input":{"@type":"PropertyValueSpecification","valueRequired":true,"valueName":"search_term_string"}}],"inLanguage":"fr-FR"}]}},"_links":{"self":[{"href":"https:\/\/www.swisscrochet.ch\/fr\/wp-json\/wp\/v2\/product\/25946","targetHints":{"allow":["GET"]}}],"collection":[{"href":"https:\/\/www.swisscrochet.ch\/fr\/wp-json\/wp\/v2\/product"}],"about":[{"href":"https:\/\/www.swisscrochet.ch\/fr\/wp-json\/wp\/v2\/types\/product"}],"wp:featuredmedia":[{"embeddable":true,"href":"https:\/\/www.swisscrochet.ch\/fr\/wp-json\/wp\/v2\/media\/25906"}],"wp:attachment":[{"href":"https:\/\/www.swisscrochet.ch\/fr\/wp-json\/wp\/v2\/media?parent=25946"}],"wp:term":[{"taxonomy":"product_brand","embeddable":true,"href":"https:\/\/www.swisscrochet.ch\/fr\/wp-json\/wp\/v2\/product_brand?post=25946"},{"taxonomy":"product_cat","embeddable":true,"href":"https:\/\/www.swisscrochet.ch\/fr\/wp-json\/wp\/v2\/product_cat?post=25946"},{"taxonomy":"product_tag","embeddable":true,"href":"https:\/\/www.swisscrochet.ch\/fr\/wp-json\/wp\/v2\/product_tag?post=25946"}],"curies":[{"name":"wp","href":"https:\/\/api.w.org\/{rel}","templated":true}]}}